{"id":84,"date":"2019-02-18T16:02:10","date_gmt":"2019-02-18T16:02:10","guid":{"rendered":"http:\/\/interhotelcentral.ms.decms.eu\/?page_id=84"},"modified":"2022-12-19T09:44:41","modified_gmt":"2022-12-19T09:44:41","slug":"porizeni-novych-inhalatoru","status":"publish","type":"page","link":"https:\/\/www.interhotel-central.cz\/cs\/aktuality-a-novinky\/porizeni-novych-inhalatoru\/","title":{"rendered":"Po\u0159\u00edzen\u00ed Nov\u00fdch Inhal\u00e1tor\u016f"},"content":{"rendered":"<p>Balneocentrum Interhotelu Central m\u00e1 nov\u011b k dispozici modern\u00ed inhal\u00e1tory pro l\u00e1ze\u0148skou a preventivn\u00ed l\u00e9\u010dbu.<br \/>\nModern\u00ed inhal\u00e1tory umo\u017en\u00ed proveden\u00ed \u0159ady procedur na b\u00e1zi miner\u00e1ln\u00ed vody z term\u00e1ln\u00edch pramen\u016f s pou\u017eit\u00edm l\u00e9\u010div\u00fdch esenci\u00e1ln\u00edch olej\u016f.<br \/>\nV nejbli\u017e\u0161\u00ed dob\u011b o\u010dek\u00e1vejte na\u0161i novou nab\u00eddku inhalac\u00ed v sekci &#8222;Novinky a Aktuality&#8220;.<\/p>\n","protected":false},"excerpt":{"rendered":"<p>Balneocentrum Interhotelu Central m\u00e1 nov\u011b k dispozici modern\u00ed inhal\u00e1tory pro l\u00e1ze\u0148skou a preventivn\u00ed l\u00e9\u010dbu. Modern\u00ed [&hellip;]<\/p>\n","protected":false},"author":6,"featured_media":1110,"parent":75,"menu_order":9,"comment_status":"closed","ping_status":"closed","template":"","meta":{"footnotes":""},"class_list":["post-84","page","type-page","status-publish","has-post-thumbnail","hentry"],"yoast_head":"<!-- This site is optimized with the Yoast SEO plugin v26.9 - https:\/\/yoast.com\/product\/yoast-seo-wordpress\/ -->\n<title>Po\u0159\u00edzen\u00ed Nov\u00fdch Inhal\u00e1tor\u016f -<\/title>\n<meta name=\"robots\" content=\"index, follow, max-snippet:-1, max-image-preview:large, max-video-preview:-1\" \/>\n<link rel=\"canonical\" href=\"https:\/\/www.interhotel-central.cz\/cs\/aktuality-a-novinky\/porizeni-novych-inhalatoru\/\" \/>\n<meta property=\"og:locale\" content=\"cs_CZ\" \/>\n<meta property=\"og:type\" content=\"article\" \/>\n<meta property=\"og:title\" content=\"Po\u0159\u00edzen\u00ed Nov\u00fdch Inhal\u00e1tor\u016f -\" \/>\n<meta property=\"og:description\" content=\"Balneocentrum Interhotelu Central m\u00e1 nov\u011b k dispozici modern\u00ed inhal\u00e1tory pro l\u00e1ze\u0148skou a preventivn\u00ed l\u00e9\u010dbu. Modern\u00ed [&hellip;]\" \/>\n<meta property=\"og:url\" content=\"https:\/\/www.interhotel-central.cz\/cs\/aktuality-a-novinky\/porizeni-novych-inhalatoru\/\" \/>\n<meta property=\"article:modified_time\" content=\"2022-12-19T09:44:41+00:00\" \/>\n<meta property=\"og:image\" content=\"https:\/\/www.interhotel-central.cz\/wp-content\/uploads\/sites\/5\/2019\/02\/interhotel-central-12-1.jpg\" \/>\n\t<meta property=\"og:image:width\" content=\"2200\" \/>\n\t<meta property=\"og:image:height\" content=\"1200\" \/>\n\t<meta property=\"og:image:type\" content=\"image\/jpeg\" \/>\n<meta name=\"twitter:card\" content=\"summary_large_image\" \/>\n<meta name=\"twitter:label1\" content=\"Odhadovan\u00e1 doba \u010dten\u00ed\" \/>\n\t<meta name=\"twitter:data1\" content=\"1 minuta\" \/>\n<script type=\"application\/ld+json\" class=\"yoast-schema-graph\">{\"@context\":\"https:\/\/schema.org\",\"@graph\":[{\"@type\":\"WebPage\",\"@id\":\"https:\/\/www.interhotel-central.cz\/cs\/aktuality-a-novinky\/porizeni-novych-inhalatoru\/\",\"url\":\"https:\/\/www.interhotel-central.cz\/cs\/aktuality-a-novinky\/porizeni-novych-inhalatoru\/\",\"name\":\"Po\u0159\u00edzen\u00ed Nov\u00fdch Inhal\u00e1tor\u016f -\",\"isPartOf\":{\"@id\":\"https:\/\/www.interhotel-central.cz\/cs\/#website\"},\"primaryImageOfPage\":{\"@id\":\"https:\/\/www.interhotel-central.cz\/cs\/aktuality-a-novinky\/porizeni-novych-inhalatoru\/#primaryimage\"},\"image\":{\"@id\":\"https:\/\/www.interhotel-central.cz\/cs\/aktuality-a-novinky\/porizeni-novych-inhalatoru\/#primaryimage\"},\"thumbnailUrl\":\"https:\/\/www.interhotel-central.cz\/wp-content\/uploads\/sites\/5\/2019\/02\/interhotel-central-12-1.jpg\",\"datePublished\":\"2019-02-18T16:02:10+00:00\",\"dateModified\":\"2022-12-19T09:44:41+00:00\",\"breadcrumb\":{\"@id\":\"https:\/\/www.interhotel-central.cz\/cs\/aktuality-a-novinky\/porizeni-novych-inhalatoru\/#breadcrumb\"},\"inLanguage\":\"cs\",\"potentialAction\":[{\"@type\":\"ReadAction\",\"target\":[\"https:\/\/www.interhotel-central.cz\/cs\/aktuality-a-novinky\/porizeni-novych-inhalatoru\/\"]}]},{\"@type\":\"ImageObject\",\"inLanguage\":\"cs\",\"@id\":\"https:\/\/www.interhotel-central.cz\/cs\/aktuality-a-novinky\/porizeni-novych-inhalatoru\/#primaryimage\",\"url\":\"https:\/\/www.interhotel-central.cz\/wp-content\/uploads\/sites\/5\/2019\/02\/interhotel-central-12-1.jpg\",\"contentUrl\":\"https:\/\/www.interhotel-central.cz\/wp-content\/uploads\/sites\/5\/2019\/02\/interhotel-central-12-1.jpg\",\"width\":2200,\"height\":1200},{\"@type\":\"BreadcrumbList\",\"@id\":\"https:\/\/www.interhotel-central.cz\/cs\/aktuality-a-novinky\/porizeni-novych-inhalatoru\/#breadcrumb\",\"itemListElement\":[{\"@type\":\"ListItem\",\"position\":1,\"name\":\"Home\",\"item\":\"https:\/\/www.interhotel-central.cz\/cs\/\"},{\"@type\":\"ListItem\",\"position\":2,\"name\":\"Aktuality A Novinky\",\"item\":\"https:\/\/www.interhotel-central.cz\/cs\/aktuality-a-novinky\/\"},{\"@type\":\"ListItem\",\"position\":3,\"name\":\"Po\u0159\u00edzen\u00ed Nov\u00fdch Inhal\u00e1tor\u016f\"}]},{\"@type\":\"WebSite\",\"@id\":\"https:\/\/www.interhotel-central.cz\/cs\/#website\",\"url\":\"https:\/\/www.interhotel-central.cz\/cs\/\",\"name\":\"\",\"description\":\"Just another ms.decms.eu site\",\"potentialAction\":[{\"@type\":\"SearchAction\",\"target\":{\"@type\":\"EntryPoint\",\"urlTemplate\":\"https:\/\/www.interhotel-central.cz\/cs\/?s={search_term_string}\"},\"query-input\":{\"@type\":\"PropertyValueSpecification\",\"valueRequired\":true,\"valueName\":\"search_term_string\"}}],\"inLanguage\":\"cs\"}]}<\/script>\n<!-- \/ Yoast SEO plugin. -->","yoast_head_json":{"title":"Po\u0159\u00edzen\u00ed Nov\u00fdch Inhal\u00e1tor\u016f -","robots":{"index":"index","follow":"follow","max-snippet":"max-snippet:-1","max-image-preview":"max-image-preview:large","max-video-preview":"max-video-preview:-1"},"canonical":"https:\/\/www.interhotel-central.cz\/cs\/aktuality-a-novinky\/porizeni-novych-inhalatoru\/","og_locale":"cs_CZ","og_type":"article","og_title":"Po\u0159\u00edzen\u00ed Nov\u00fdch Inhal\u00e1tor\u016f -","og_description":"Balneocentrum Interhotelu Central m\u00e1 nov\u011b k dispozici modern\u00ed inhal\u00e1tory pro l\u00e1ze\u0148skou a preventivn\u00ed l\u00e9\u010dbu. Modern\u00ed [&hellip;]","og_url":"https:\/\/www.interhotel-central.cz\/cs\/aktuality-a-novinky\/porizeni-novych-inhalatoru\/","article_modified_time":"2022-12-19T09:44:41+00:00","og_image":[{"width":2200,"height":1200,"url":"https:\/\/www.interhotel-central.cz\/wp-content\/uploads\/sites\/5\/2019\/02\/interhotel-central-12-1.jpg","type":"image\/jpeg"}],"twitter_card":"summary_large_image","twitter_misc":{"Odhadovan\u00e1 doba \u010dten\u00ed":"1 minuta"},"schema":{"@context":"https:\/\/schema.org","@graph":[{"@type":"WebPage","@id":"https:\/\/www.interhotel-central.cz\/cs\/aktuality-a-novinky\/porizeni-novych-inhalatoru\/","url":"https:\/\/www.interhotel-central.cz\/cs\/aktuality-a-novinky\/porizeni-novych-inhalatoru\/","name":"Po\u0159\u00edzen\u00ed Nov\u00fdch Inhal\u00e1tor\u016f -","isPartOf":{"@id":"https:\/\/www.interhotel-central.cz\/cs\/#website"},"primaryImageOfPage":{"@id":"https:\/\/www.interhotel-central.cz\/cs\/aktuality-a-novinky\/porizeni-novych-inhalatoru\/#primaryimage"},"image":{"@id":"https:\/\/www.interhotel-central.cz\/cs\/aktuality-a-novinky\/porizeni-novych-inhalatoru\/#primaryimage"},"thumbnailUrl":"https:\/\/www.interhotel-central.cz\/wp-content\/uploads\/sites\/5\/2019\/02\/interhotel-central-12-1.jpg","datePublished":"2019-02-18T16:02:10+00:00","dateModified":"2022-12-19T09:44:41+00:00","breadcrumb":{"@id":"https:\/\/www.interhotel-central.cz\/cs\/aktuality-a-novinky\/porizeni-novych-inhalatoru\/#breadcrumb"},"inLanguage":"cs","potentialAction":[{"@type":"ReadAction","target":["https:\/\/www.interhotel-central.cz\/cs\/aktuality-a-novinky\/porizeni-novych-inhalatoru\/"]}]},{"@type":"ImageObject","inLanguage":"cs","@id":"https:\/\/www.interhotel-central.cz\/cs\/aktuality-a-novinky\/porizeni-novych-inhalatoru\/#primaryimage","url":"https:\/\/www.interhotel-central.cz\/wp-content\/uploads\/sites\/5\/2019\/02\/interhotel-central-12-1.jpg","contentUrl":"https:\/\/www.interhotel-central.cz\/wp-content\/uploads\/sites\/5\/2019\/02\/interhotel-central-12-1.jpg","width":2200,"height":1200},{"@type":"BreadcrumbList","@id":"https:\/\/www.interhotel-central.cz\/cs\/aktuality-a-novinky\/porizeni-novych-inhalatoru\/#breadcrumb","itemListElement":[{"@type":"ListItem","position":1,"name":"Home","item":"https:\/\/www.interhotel-central.cz\/cs\/"},{"@type":"ListItem","position":2,"name":"Aktuality A Novinky","item":"https:\/\/www.interhotel-central.cz\/cs\/aktuality-a-novinky\/"},{"@type":"ListItem","position":3,"name":"Po\u0159\u00edzen\u00ed Nov\u00fdch Inhal\u00e1tor\u016f"}]},{"@type":"WebSite","@id":"https:\/\/www.interhotel-central.cz\/cs\/#website","url":"https:\/\/www.interhotel-central.cz\/cs\/","name":"","description":"Just another ms.decms.eu site","potentialAction":[{"@type":"SearchAction","target":{"@type":"EntryPoint","urlTemplate":"https:\/\/www.interhotel-central.cz\/cs\/?s={search_term_string}"},"query-input":{"@type":"PropertyValueSpecification","valueRequired":true,"valueName":"search_term_string"}}],"inLanguage":"cs"}]}},"acf":[],"_links":{"self":[{"href":"https:\/\/www.interhotel-central.cz\/cs\/wp-json\/wp\/v2\/pages\/84","targetHints":{"allow":["GET"]}}],"collection":[{"href":"https:\/\/www.interhotel-central.cz\/cs\/wp-json\/wp\/v2\/pages"}],"about":[{"href":"https:\/\/www.interhotel-central.cz\/cs\/wp-json\/wp\/v2\/types\/page"}],"author":[{"embeddable":true,"href":"https:\/\/www.interhotel-central.cz\/cs\/wp-json\/wp\/v2\/users\/6"}],"replies":[{"embeddable":true,"href":"https:\/\/www.interhotel-central.cz\/cs\/wp-json\/wp\/v2\/comments?post=84"}],"version-history":[{"count":0,"href":"https:\/\/www.interhotel-central.cz\/cs\/wp-json\/wp\/v2\/pages\/84\/revisions"}],"up":[{"embeddable":true,"href":"https:\/\/www.interhotel-central.cz\/cs\/wp-json\/wp\/v2\/pages\/75"}],"wp:featuredmedia":[{"embeddable":true,"href":"https:\/\/www.interhotel-central.cz\/cs\/wp-json\/wp\/v2\/media\/1110"}],"wp:attachment":[{"href":"https:\/\/www.interhotel-central.cz\/cs\/wp-json\/wp\/v2\/media?parent=84"}],"curies":[{"name":"wp","href":"https:\/\/api.w.org\/{rel}","templated":true}]}}